{"id":2984,"date":"2025-12-01T13:20:01","date_gmt":"2025-12-01T13:20:01","guid":{"rendered":"https:\/\/www.talerskolenroest.dk\/?page_id=2984"},"modified":"2025-12-01T15:14:00","modified_gmt":"2025-12-01T15:14:00","slug":"rost-jubilaeumsplakat","status":"publish","type":"page","link":"https:\/\/www.talerskolenroest.dk\/?page_id=2984","title":{"rendered":"R\u00f8st jubil\u00e6umsplakat"},"content":{"rendered":"<div class=\"pt-7 pb-11 md:pt-11 md:pb-15 last:pb-20 md:last:pb-30\">\n    <div class=\"component-padding\">\n        <div class=\"grid grid-cols-12\">\n            <div class=\"col-span-12 rich-text\">\n                <div class=\"max-w-[1000px]\">\n                    <h2>Skal R\u00f8sts talerstol h\u00e6nge p\u00e5 din v\u00e6g?<\/h2>\n<p><span style=\"font-weight: 400\">Ved \u00e5rsskiftet har Talerskolen R\u00f8st ti-\u00e5rs jubil\u00e6um, og det skal selvf\u00f8lgelig markeres.<\/span><\/p>\n<p><span style=\"font-weight: 400\">Derfor har vi f\u00e5et lavet fire jubil\u00e6umsplakater med vores h\u00f8jt skattede talerstol, som har fulgt os siden starten i 2016. Talerstolen blev dengang skabt s\u00e6rligt til R\u00f8st af kunstneren FOS.<\/span><\/p>\n<p><span style=\"font-weight: 400\">V\u00e6rket b\u00e6rer navnet \u2018Form is teasing language\u2019, og talerstolen er netop drilsk og vild og farvestr\u00e5lende. Den kr\u00e6ver sin plads (bogstaveligt talt!), og p\u00e5 den m\u00e5de kan den inspirere taleren til ogs\u00e5 at tage sin plads: Her hos mig m\u00e5 du gerne fylde, kom med de store ord og armbev\u00e6gelser, og giv dine tanker luft og rum.<\/span><\/p>\n<p><span style=\"font-weight: 400\">Og nu kan du alts\u00e5 f\u00e5 talerstolen op at h\u00e6nge p\u00e5 v\u00e6ggen. S\u00e5 kan du sidde over morgenkaffen og blive inspireret til at g\u00e5 ud i verden og bruge din stemme &#8211; ligesom et v\u00e6ld af modige unge talere har gjort de sidste ti \u00e5r med R\u00f8st i ryggen.<\/span><\/p>\n<p><span style=\"font-weight: 400\">De fire plakater er skabt af Andreas Korsgaard Rasmussen fra Island Made Of Sand And Clay og trykt i Andreas\u2019 v\u00e6rksted p\u00e5 \u00c6r\u00f8 med st\u00f8tte fra Tuborgfondet. De er alle i A2 format.<\/span><\/p>\n<p>L\u00e6s mere nedenfor, hvis talerstolen skal h\u00e6nge hjemme hos dig.<br \/>\n<a href=\"https:\/\/www.talerskolenroest.dk\/historien-om-rost\/\">Eller l\u00e6s historien om R\u00f8st her.<\/a><\/p>\n                <\/div>\n            <\/div>\n        <\/div>\n    <\/div>\n<\/div>\n\n<div class=\"pt-7 pb-11 md:pt-11 md:pb-15 last:pb-20 md:last:pb-30\">\n    <div class=\"component-padding\">\n        <div class=\"grid grid-cols-12\">\n            <div class=\"col-span-12\">\n                <img loading=\"lazy\" decoding=\"async\" width=\"2560\" height=\"893\" src=\"https:\/\/www.talerskolenroest.dk\/wp-content\/uploads\/2025\/12\/ROST-Plakat-Fire-Stk-02-scaled.jpg\" class=\"attachment-full size-full\" alt=\"\" srcset=\"https:\/\/www.talerskolenroest.dk\/wp-content\/uploads\/2025\/12\/ROST-Plakat-Fire-Stk-02-scaled.jpg 2560w, https:\/\/www.talerskolenroest.dk\/wp-content\/uploads\/2025\/12\/ROST-Plakat-Fire-Stk-02-300x105.jpg 300w, https:\/\/www.talerskolenroest.dk\/wp-content\/uploads\/2025\/12\/ROST-Plakat-Fire-Stk-02-1024x357.jpg 1024w, https:\/\/www.talerskolenroest.dk\/wp-content\/uploads\/2025\/12\/ROST-Plakat-Fire-Stk-02-768x268.jpg 768w, https:\/\/www.talerskolenroest.dk\/wp-content\/uploads\/2025\/12\/ROST-Plakat-Fire-Stk-02-1536x536.jpg 1536w, https:\/\/www.talerskolenroest.dk\/wp-content\/uploads\/2025\/12\/ROST-Plakat-Fire-Stk-02-2048x714.jpg 2048w\" sizes=\"auto, (max-width: 2560px) 100vw, 2560px\" \/><p class=\"text-base mt-3\">R\u00f8st jubil\u00e6umsplakat &#8211; se ogs\u00e5 de fire varianter nedenfor.<\/p>            <\/div>\n        <\/div>\n    <\/div>\n<\/div>\n\n<div class=\"pt-7 pb-11 md:pt-11 md:pb-15 last:pb-20 md:last:pb-30\">\n    <div class=\"component-padding\">\n        <div class=\"grid grid-cols-12\">\n            <div class=\"col-span-12 rich-text\">\n                <div class=\"max-w-[1000px]\">\n                    <h2>\u00d8nsker du at bestille en plakat?<\/h2>\n<p><span style=\"font-weight: 400\">Hvis du kunne t\u00e6nke dig en talerstol til at h\u00e6nge p\u00e5 v\u00e6ggen, s\u00e5 meld dig ind i foreningen Talerskolen R\u00f8st.<br \/>\n<\/span><span style=\"font-weight: 400\">I anledning af vores jubil\u00e6um f\u00e5r du nemlig en valgfri plakat ved indmeldelse.<br \/>\nPlakaten er i A2 format.<\/span><\/p>\n<p><span style=\"font-weight: 400\">Det koster 200 kr at blive medlem &#8211; halv pris for unge under 30 \u00e5r.<br \/>\n<strong><a href=\"https:\/\/www.talerskolenroest.dk\/bliv-medlem\/\">Du melder dig ind her.<\/a><\/strong><\/span><\/p>\n<p><span style=\"font-weight: 400\">Er du allerede medlem og vil gerne have en plakat, s\u00e5 kontakt os p\u00e5 <\/span><a href=\"mailto:pia@talerskolenroest.dk\"><span style=\"font-weight: 400\">pia@talerskolenroest.dk<\/span><\/a><span style=\"font-weight: 400\"> og skriv, hvilken variant du kunne t\u00e6nke dig samt navn og adresse.<\/span><\/p>\n<p><span style=\"font-weight: 400\">Muligheden g\u00e6lder indtil 31. januar 2026, eller s\u00e5 l\u00e6nge lager haves.<br \/>\n<\/span><span style=\"font-weight: 400\">Et eventuelt overskud fra salget vil g\u00e5 til vores arbejde med at give unge modet til at tage ordet.\u00a0<\/span><\/p>\n                <\/div>\n            <\/div>\n        <\/div>\n    <\/div>\n<\/div>\n\n<div class=\"pt-7 pb-11 md:pt-11 md:pb-15 last:pb-20 md:last:pb-30\">\n    <div class=\"component-padding\">\n        <div class=\"grid grid-cols-12\">\n            <div class=\"col-span-12\">\n                <img loading=\"lazy\" decoding=\"async\" width=\"1080\" height=\"1527\" src=\"https:\/\/www.talerskolenroest.dk\/wp-content\/uploads\/2025\/11\/ROST-Plakat-FINAL-bla.jpg\" class=\"attachment-full size-full\" alt=\"\" srcset=\"https:\/\/www.talerskolenroest.dk\/wp-content\/uploads\/2025\/11\/ROST-Plakat-FINAL-bla.jpg 1080w, https:\/\/www.talerskolenroest.dk\/wp-content\/uploads\/2025\/11\/ROST-Plakat-FINAL-bla-212x300.jpg 212w, https:\/\/www.talerskolenroest.dk\/wp-content\/uploads\/2025\/11\/ROST-Plakat-FINAL-bla-724x1024.jpg 724w, https:\/\/www.talerskolenroest.dk\/wp-content\/uploads\/2025\/11\/ROST-Plakat-FINAL-bla-768x1086.jpg 768w\" sizes=\"auto, (max-width: 1080px) 100vw, 1080px\" \/><p class=\"text-base mt-3\">R\u00f8st jubil\u00e6umsplakat &#8211; bl\u00e5\/lysegul baggrund (variant 1)<\/p>            <\/div>\n        <\/div>\n    <\/div>\n<\/div>\n\n<div class=\"pt-7 pb-11 md:pt-11 md:pb-15 last:pb-20 md:last:pb-30\">\n    <div class=\"component-padding\">\n        <div class=\"grid grid-cols-12\">\n            <div class=\"col-span-12\">\n                <img loading=\"lazy\" decoding=\"async\" width=\"1080\" height=\"1527\" src=\"https:\/\/www.talerskolenroest.dk\/wp-content\/uploads\/2025\/11\/ROST-Plakat-FINAL-gul.jpg\" class=\"attachment-full size-full\" alt=\"\" srcset=\"https:\/\/www.talerskolenroest.dk\/wp-content\/uploads\/2025\/11\/ROST-Plakat-FINAL-gul.jpg 1080w, https:\/\/www.talerskolenroest.dk\/wp-content\/uploads\/2025\/11\/ROST-Plakat-FINAL-gul-212x300.jpg 212w, https:\/\/www.talerskolenroest.dk\/wp-content\/uploads\/2025\/11\/ROST-Plakat-FINAL-gul-724x1024.jpg 724w, https:\/\/www.talerskolenroest.dk\/wp-content\/uploads\/2025\/11\/ROST-Plakat-FINAL-gul-768x1086.jpg 768w\" sizes=\"auto, (max-width: 1080px) 100vw, 1080px\" \/><p class=\"text-base mt-3\">R\u00f8st jubil\u00e6umsplakat &#8211; gul\/bl\u00e5 baggrund (variant 2)<\/p>            <\/div>\n        <\/div>\n    <\/div>\n<\/div>\n\n<div class=\"pt-7 pb-11 md:pt-11 md:pb-15 last:pb-20 md:last:pb-30\">\n    <div class=\"component-padding\">\n        <div class=\"grid grid-cols-12\">\n            <div class=\"col-span-12\">\n                <img loading=\"lazy\" decoding=\"async\" width=\"1080\" height=\"1527\" src=\"https:\/\/www.talerskolenroest.dk\/wp-content\/uploads\/2025\/11\/ROST-Plakat-FINAL-lilla.jpg\" class=\"attachment-full size-full\" alt=\"\" srcset=\"https:\/\/www.talerskolenroest.dk\/wp-content\/uploads\/2025\/11\/ROST-Plakat-FINAL-lilla.jpg 1080w, https:\/\/www.talerskolenroest.dk\/wp-content\/uploads\/2025\/11\/ROST-Plakat-FINAL-lilla-212x300.jpg 212w, https:\/\/www.talerskolenroest.dk\/wp-content\/uploads\/2025\/11\/ROST-Plakat-FINAL-lilla-724x1024.jpg 724w, https:\/\/www.talerskolenroest.dk\/wp-content\/uploads\/2025\/11\/ROST-Plakat-FINAL-lilla-768x1086.jpg 768w\" sizes=\"auto, (max-width: 1080px) 100vw, 1080px\" \/><p class=\"text-base mt-3\">R\u00f8st jubil\u00e6umsplakat &#8211; lilla\/m\u00f8rkegul baggrund (variant 3)<\/p>            <\/div>\n        <\/div>\n    <\/div>\n<\/div>\n\n<div class=\"pt-7 pb-11 md:pt-11 md:pb-15 last:pb-20 md:last:pb-30\">\n    <div class=\"component-padding\">\n        <div class=\"grid grid-cols-12\">\n            <div class=\"col-span-12\">\n                <img loading=\"lazy\" decoding=\"async\" width=\"1080\" height=\"1527\" src=\"https:\/\/www.talerskolenroest.dk\/wp-content\/uploads\/2025\/11\/ROST-Plakat-FINAL-samlet.jpg\" class=\"attachment-full size-full\" alt=\"\" srcset=\"https:\/\/www.talerskolenroest.dk\/wp-content\/uploads\/2025\/11\/ROST-Plakat-FINAL-samlet.jpg 1080w, https:\/\/www.talerskolenroest.dk\/wp-content\/uploads\/2025\/11\/ROST-Plakat-FINAL-samlet-212x300.jpg 212w, https:\/\/www.talerskolenroest.dk\/wp-content\/uploads\/2025\/11\/ROST-Plakat-FINAL-samlet-724x1024.jpg 724w, https:\/\/www.talerskolenroest.dk\/wp-content\/uploads\/2025\/11\/ROST-Plakat-FINAL-samlet-768x1086.jpg 768w\" sizes=\"auto, (max-width: 1080px) 100vw, 1080px\" \/><p class=\"text-base mt-3\">R\u00f8st jubil\u00e6umsplakat &#8211; samlet\/lyser\u00f8d baggrund (variant 4)<\/p>            <\/div>\n        <\/div>\n    <\/div>\n<\/div>\n\n<div class=\"pt-7 pb-11 md:pt-11 md:pb-15 last:pb-20 md:last:pb-30\">\n    <div class=\"component-padding\">\n        <div class=\"grid grid-cols-12\">\n            <div class=\"col-span-12 rich-text\">\n                <div class=\"max-w-[1000px]\">\n                    <h2>Tak<\/h2>\n<p><span style=\"font-weight: 400\">Tak til Tuborgfondet for st\u00f8tte til at skabe plakaten.<br \/>\nDerudover stor tak til MAPS, Vallekilde H\u00f8jskole, Ungdomsbureauet og Nordea-fonden for at v\u00e6re helt afg\u00f8rende for grundl\u00e6ggelsen af R\u00f8st tilbage i 2016.<br \/>\nOg tak til FOS for at skabe en helt unik talerstol, som har fulgt os gennem alle \u00e5rene.<\/span><\/p>\n                <\/div>\n            <\/div>\n        <\/div>\n    <\/div>\n<\/div>","protected":false},"excerpt":{"rendered":"","protected":false},"author":2,"featured_media":0,"parent":0,"menu_order":0,"comment_status":"closed","ping_status":"closed","template":"","meta":{"_acf_changed":false,"footnotes":""},"class_list":["post-2984","page","type-page","status-publish","hentry"],"acf":[],"yoast_head":"<!-- This site is optimized with the Yoast SEO plugin v27.5 - https:\/\/yoast.com\/product\/yoast-seo-wordpress\/ -->\n<title>R\u00f8st jubil\u00e6umsplakat - R\u00f8st<\/title>\n<meta name=\"robots\" content=\"index, follow, max-snippet:-1, max-image-preview:large, max-video-preview:-1\" \/>\n<link rel=\"canonical\" href=\"https:\/\/www.talerskolenroest.dk\/?page_id=2984\" \/>\n<meta property=\"og:locale\" content=\"en_US\" \/>\n<meta property=\"og:type\" content=\"article\" \/>\n<meta property=\"og:title\" content=\"R\u00f8st jubil\u00e6umsplakat - R\u00f8st\" \/>\n<meta property=\"og:url\" content=\"https:\/\/www.talerskolenroest.dk\/?page_id=2984\" \/>\n<meta property=\"og:site_name\" content=\"R\u00f8st\" \/>\n<meta property=\"article:modified_time\" content=\"2025-12-01T15:14:00+00:00\" \/>\n<meta name=\"twitter:card\" content=\"summary_large_image\" \/>\n<meta name=\"twitter:label1\" content=\"Est. reading time\" \/>\n\t<meta name=\"twitter:data1\" content=\"3 minutes\" \/>\n<script type=\"application\/ld+json\" class=\"yoast-schema-graph\">{\"@context\":\"https:\\\/\\\/schema.org\",\"@graph\":[{\"@type\":\"WebPage\",\"@id\":\"https:\\\/\\\/www.talerskolenroest.dk\\\/?page_id=2984\",\"url\":\"https:\\\/\\\/www.talerskolenroest.dk\\\/?page_id=2984\",\"name\":\"R\u00f8st jubil\u00e6umsplakat - R\u00f8st\",\"isPartOf\":{\"@id\":\"https:\\\/\\\/www.talerskolenroest.dk\\\/#website\"},\"datePublished\":\"2025-12-01T13:20:01+00:00\",\"dateModified\":\"2025-12-01T15:14:00+00:00\",\"breadcrumb\":{\"@id\":\"https:\\\/\\\/www.talerskolenroest.dk\\\/?page_id=2984#breadcrumb\"},\"inLanguage\":\"en-US\",\"potentialAction\":[{\"@type\":\"ReadAction\",\"target\":[\"https:\\\/\\\/www.talerskolenroest.dk\\\/?page_id=2984\"]}]},{\"@type\":\"BreadcrumbList\",\"@id\":\"https:\\\/\\\/www.talerskolenroest.dk\\\/?page_id=2984#breadcrumb\",\"itemListElement\":[{\"@type\":\"ListItem\",\"position\":1,\"name\":\"Home\",\"item\":\"https:\\\/\\\/www.talerskolenroest.dk\\\/\"},{\"@type\":\"ListItem\",\"position\":2,\"name\":\"R\u00f8st jubil\u00e6umsplakat\"}]},{\"@type\":\"WebSite\",\"@id\":\"https:\\\/\\\/www.talerskolenroest.dk\\\/#website\",\"url\":\"https:\\\/\\\/www.talerskolenroest.dk\\\/\",\"name\":\"R\u00f8st\",\"description\":\"\",\"potentialAction\":[{\"@type\":\"SearchAction\",\"target\":{\"@type\":\"EntryPoint\",\"urlTemplate\":\"https:\\\/\\\/www.talerskolenroest.dk\\\/?s={search_term_string}\"},\"query-input\":{\"@type\":\"PropertyValueSpecification\",\"valueRequired\":true,\"valueName\":\"search_term_string\"}}],\"inLanguage\":\"en-US\"}]}<\/script>\n<!-- \/ Yoast SEO plugin. -->","yoast_head_json":{"title":"R\u00f8st jubil\u00e6umsplakat - R\u00f8st","robots":{"index":"index","follow":"follow","max-snippet":"max-snippet:-1","max-image-preview":"max-image-preview:large","max-video-preview":"max-video-preview:-1"},"canonical":"https:\/\/www.talerskolenroest.dk\/?page_id=2984","og_locale":"en_US","og_type":"article","og_title":"R\u00f8st jubil\u00e6umsplakat - R\u00f8st","og_url":"https:\/\/www.talerskolenroest.dk\/?page_id=2984","og_site_name":"R\u00f8st","article_modified_time":"2025-12-01T15:14:00+00:00","twitter_card":"summary_large_image","twitter_misc":{"Est. reading time":"3 minutes"},"schema":{"@context":"https:\/\/schema.org","@graph":[{"@type":"WebPage","@id":"https:\/\/www.talerskolenroest.dk\/?page_id=2984","url":"https:\/\/www.talerskolenroest.dk\/?page_id=2984","name":"R\u00f8st jubil\u00e6umsplakat - R\u00f8st","isPartOf":{"@id":"https:\/\/www.talerskolenroest.dk\/#website"},"datePublished":"2025-12-01T13:20:01+00:00","dateModified":"2025-12-01T15:14:00+00:00","breadcrumb":{"@id":"https:\/\/www.talerskolenroest.dk\/?page_id=2984#breadcrumb"},"inLanguage":"en-US","potentialAction":[{"@type":"ReadAction","target":["https:\/\/www.talerskolenroest.dk\/?page_id=2984"]}]},{"@type":"BreadcrumbList","@id":"https:\/\/www.talerskolenroest.dk\/?page_id=2984#breadcrumb","itemListElement":[{"@type":"ListItem","position":1,"name":"Home","item":"https:\/\/www.talerskolenroest.dk\/"},{"@type":"ListItem","position":2,"name":"R\u00f8st jubil\u00e6umsplakat"}]},{"@type":"WebSite","@id":"https:\/\/www.talerskolenroest.dk\/#website","url":"https:\/\/www.talerskolenroest.dk\/","name":"R\u00f8st","description":"","potentialAction":[{"@type":"SearchAction","target":{"@type":"EntryPoint","urlTemplate":"https:\/\/www.talerskolenroest.dk\/?s={search_term_string}"},"query-input":{"@type":"PropertyValueSpecification","valueRequired":true,"valueName":"search_term_string"}}],"inLanguage":"en-US"}]}},"_links":{"self":[{"href":"https:\/\/www.talerskolenroest.dk\/index.php?rest_route=\/wp\/v2\/pages\/2984","targetHints":{"allow":["GET"]}}],"collection":[{"href":"https:\/\/www.talerskolenroest.dk\/index.php?rest_route=\/wp\/v2\/pages"}],"about":[{"href":"https:\/\/www.talerskolenroest.dk\/index.php?rest_route=\/wp\/v2\/types\/page"}],"author":[{"embeddable":true,"href":"https:\/\/www.talerskolenroest.dk\/index.php?rest_route=\/wp\/v2\/users\/2"}],"replies":[{"embeddable":true,"href":"https:\/\/www.talerskolenroest.dk\/index.php?rest_route=%2Fwp%2Fv2%2Fcomments&post=2984"}],"version-history":[{"count":19,"href":"https:\/\/www.talerskolenroest.dk\/index.php?rest_route=\/wp\/v2\/pages\/2984\/revisions"}],"predecessor-version":[{"id":3009,"href":"https:\/\/www.talerskolenroest.dk\/index.php?rest_route=\/wp\/v2\/pages\/2984\/revisions\/3009"}],"wp:attachment":[{"href":"https:\/\/www.talerskolenroest.dk\/index.php?rest_route=%2Fwp%2Fv2%2Fmedia&parent=2984"}],"curies":[{"name":"wp","href":"https:\/\/api.w.org\/{rel}","templated":true}]}}