{"id":2244,"date":"2024-12-19T11:30:32","date_gmt":"2024-12-19T11:30:32","guid":{"rendered":"https:\/\/www.talerskolenroest.dk\/?page_id=2244"},"modified":"2025-02-27T11:04:54","modified_gmt":"2025-02-27T11:04:54","slug":"historien-om-rost","status":"publish","type":"page","link":"https:\/\/www.talerskolenroest.dk\/?page_id=2244","title":{"rendered":"Historien om R\u00f8st"},"content":{"rendered":"<div class=\"pt-7 pb-11 md:pt-11 md:pb-15 last:pb-20 md:last:pb-30\">\n    <div class=\"component-padding\">\n        <div class=\"grid grid-cols-12\">\n            <div class=\"col-span-12\">\n                <img loading=\"lazy\" decoding=\"async\" width=\"1500\" height=\"1014\" src=\"https:\/\/www.talerskolenroest.dk\/wp-content\/uploads\/2024\/12\/Rost2018-Agency.idoart.dk-814-2000.jpg\" class=\"attachment-full size-full\" alt=\"\" srcset=\"https:\/\/www.talerskolenroest.dk\/wp-content\/uploads\/2024\/12\/Rost2018-Agency.idoart.dk-814-2000.jpg 1500w, https:\/\/www.talerskolenroest.dk\/wp-content\/uploads\/2024\/12\/Rost2018-Agency.idoart.dk-814-2000-300x203.jpg 300w, https:\/\/www.talerskolenroest.dk\/wp-content\/uploads\/2024\/12\/Rost2018-Agency.idoart.dk-814-2000-1024x692.jpg 1024w, https:\/\/www.talerskolenroest.dk\/wp-content\/uploads\/2024\/12\/Rost2018-Agency.idoart.dk-814-2000-768x519.jpg 768w\" sizes=\"auto, (max-width: 1500px) 100vw, 1500px\" \/><p class=\"text-base mt-3\">K\u00d8S Museum for kunst i det offentlige rum tog initiativ til at skabe R\u00f8st. Billedet er fra R\u00f8st Festival 2018.<\/p>            <\/div>\n        <\/div>\n    <\/div>\n<\/div>\n\n<div class=\"pt-7 pb-11 md:pt-11 md:pb-15 last:pb-20 md:last:pb-30\">\n    <div class=\"component-padding\">\n        <div class=\"grid grid-cols-12\">\n            <div class=\"col-span-12 rich-text\">\n                <div class=\"max-w-[1000px]\">\n                    <h3>R\u00f8st &#8211; en talerskole og -festival<\/h3>\n<p><span style=\"font-weight: 400\">Ideen til R\u00f8st blev f\u00f8dt p\u00e5 K\u00d8S &#8211; Museum for kunst i det offentlige rum (i dag MAPS &#8211; Museum of art in public spaces) tilbage i 2015.<br \/>\nSammen med Vallekilde H\u00f8jskole s\u00f8gte og modtog museet en bevilling fra Nordea-fonden til at skabe R\u00f8st<\/span><span style=\"font-weight: 400\">; <\/span><span style=\"font-weight: 400\">et projekt, der med afs\u00e6t i den klassiske tale ville styrke unges mod til at tage ordet og skabe rum, hvor den unge generation kunne bruge deres stemme.<\/span><\/p>\n<p><span style=\"font-weight: 400\">Tanken var, at h\u00f8jskoleelever fra hele landet skulle samles en gang om \u00e5ret til R\u00f8st Festival p\u00e5 K\u00d8S, og i 2017, 2018 og 2019 holdt vi talerfestival i K\u00f8ge. <\/span><span style=\"font-weight: 400\"><br \/>\n<\/span><span style=\"font-weight: 400\">Her blandede unge stemmer, kunst, samtaler og musik sig i et nyskabende og inspirerende mix, og mange hundrede unge indtog R\u00f8sts smukke, farverige talerstole skabt s\u00e6rligt til festivalen af k<\/span><span style=\"font-weight: 400\">unstneren FOS.<\/span><\/p>\n<p><span style=\"font-weight: 400\">Talerstolens navn er &#8216;Form is teasing language&#8217;, og vi bruger dem stadig til vores arrangementer.<br \/>\n<\/span><span style=\"font-weight: 400\">Undervejs blev Ungdomsbureauet koblet p\u00e5 R\u00f8st og blev med tiden fast projektpartner.<\/span><\/p>\n                <\/div>\n            <\/div>\n        <\/div>\n    <\/div>\n<\/div>\n\n<div class=\"gallery js--gallery pt-9 pb-13 md:pt-13 md:pb-18 last:pb-25 md:last:pb-35\">\n    <div class=\"component-padding\">\n        <div class=\"grid grid-cols-12 gap-y-8\">\n                        <div class=\"col-span-12 mb-4\">\n                <h2 class=\"!text-xl mb-2\">R\u00f8st Festival 2017-2019<\/h2>                <div class=\"rich-text max-w-[700px]\">\n                    <p>I de f\u00f8rste \u00e5r af R\u00f8sts levetid holdt vi R\u00f8st Festival p\u00e5 K\u00d8S \u2013 Museum for kunst i det offentlige rum i K\u00f8ge. Hundredevis af unge deltog, og p\u00e5 festivalens tre scener kunne publikum opleve et v\u00e6ld af unge talere, samtaler, musik og performancekunst. R\u00f8st var i de f\u00f8rste \u00e5r st\u00f8ttet af Nordea-fonden.<\/p>\n                <\/div>\n            <\/div>\n            \n                                    <div class=\"col-span-6 md:col-span-4\">\n                            <img loading=\"lazy\" decoding=\"async\" width=\"1024\" height=\"683\" src=\"https:\/\/www.talerskolenroest.dk\/wp-content\/uploads\/2024\/11\/R\u00a9stFestival2017-Agency.idoart.dk-337-copy-1024x683.jpg\" class=\"aspect-video object-cover cursor-pointer\" alt=\"\" data-gallery=\"1\" srcset=\"https:\/\/www.talerskolenroest.dk\/wp-content\/uploads\/2024\/11\/R\u00a9stFestival2017-Agency.idoart.dk-337-copy-1024x683.jpg 1024w, https:\/\/www.talerskolenroest.dk\/wp-content\/uploads\/2024\/11\/R\u00a9stFestival2017-Agency.idoart.dk-337-copy-300x200.jpg 300w, https:\/\/www.talerskolenroest.dk\/wp-content\/uploads\/2024\/11\/R\u00a9stFestival2017-Agency.idoart.dk-337-copy-768x512.jpg 768w, https:\/\/www.talerskolenroest.dk\/wp-content\/uploads\/2024\/11\/R\u00a9stFestival2017-Agency.idoart.dk-337-copy-1536x1024.jpg 1536w, https:\/\/www.talerskolenroest.dk\/wp-content\/uploads\/2024\/11\/R\u00a9stFestival2017-Agency.idoart.dk-337-copy-2048x1365.jpg 2048w\" sizes=\"auto, (max-width: 1024px) 100vw, 1024px\" \/>                        <\/div>\n                                            <div class=\"col-span-6 md:col-span-4\">\n                            <img loading=\"lazy\" decoding=\"async\" width=\"1024\" height=\"683\" src=\"https:\/\/www.talerskolenroest.dk\/wp-content\/uploads\/2024\/11\/Rost2018-Agency.idoart.dk-1883-2000-1024x683.jpg\" class=\"aspect-video object-cover cursor-pointer\" alt=\"\" data-gallery=\"2\" srcset=\"https:\/\/www.talerskolenroest.dk\/wp-content\/uploads\/2024\/11\/Rost2018-Agency.idoart.dk-1883-2000-1024x683.jpg 1024w, https:\/\/www.talerskolenroest.dk\/wp-content\/uploads\/2024\/11\/Rost2018-Agency.idoart.dk-1883-2000-300x200.jpg 300w, https:\/\/www.talerskolenroest.dk\/wp-content\/uploads\/2024\/11\/Rost2018-Agency.idoart.dk-1883-2000-768x513.jpg 768w, https:\/\/www.talerskolenroest.dk\/wp-content\/uploads\/2024\/11\/Rost2018-Agency.idoart.dk-1883-2000.jpg 1500w\" sizes=\"auto, (max-width: 1024px) 100vw, 1024px\" \/>                        <\/div>\n                                            <div class=\"col-span-6 md:col-span-4\">\n                            <img loading=\"lazy\" decoding=\"async\" width=\"1024\" height=\"683\" src=\"https:\/\/www.talerskolenroest.dk\/wp-content\/uploads\/2024\/11\/Rost2018-Agency.idoart.dk-1337-2000-1024x683.jpg\" class=\"aspect-video object-cover cursor-pointer\" alt=\"\" data-gallery=\"3\" srcset=\"https:\/\/www.talerskolenroest.dk\/wp-content\/uploads\/2024\/11\/Rost2018-Agency.idoart.dk-1337-2000-1024x683.jpg 1024w, https:\/\/www.talerskolenroest.dk\/wp-content\/uploads\/2024\/11\/Rost2018-Agency.idoart.dk-1337-2000-300x200.jpg 300w, https:\/\/www.talerskolenroest.dk\/wp-content\/uploads\/2024\/11\/Rost2018-Agency.idoart.dk-1337-2000-768x512.jpg 768w, https:\/\/www.talerskolenroest.dk\/wp-content\/uploads\/2024\/11\/Rost2018-Agency.idoart.dk-1337-2000.jpg 1500w\" sizes=\"auto, (max-width: 1024px) 100vw, 1024px\" \/>                        <\/div>\n                            <\/div>\n    <\/div>\n\n    <div class=\"z-100 fixed top-0 left-0 w-full h-full bg-yellow-lighter js--modal-slider\">\n        <div class=\"grid grid-cols-12 h-full py-5 md:py-8\">\n            <div class=\"col-span-12 h-full overflow-hidden\">\n                <div class=\"flex flex-col h-full gap-y-6\">\n                    <div class=\"flex flex-row w-full justify-end items-start shrink grow flex-auto h-7\">\n                        <button class=\"js--close-modal\">\n                        <svg class=\"w-7 h-7\" xmlns=\"http:\/\/www.w3.org\/2000\/svg\" data-name=\"Isolation Mode\" viewBox=\"0 0 18.44 17.19\"><path d=\"M18.44.81 17.69 0 9.22 7.85.75 0 0 .81l8.41 7.78L0 16.38l.75.81 8.47-7.85 8.47 7.85.75-.81-8.41-7.79L18.44.81z\"\/><\/svg>\n                        <\/button>\n                    <\/div>\n                    <div class=\"grow overflow-hidden\">\n                        <div class=\"swiper h-full\">\n                            <div class=\"swiper-wrapper\">\n                                                                            <div class=\"swiper-slide\">\n                                                <img loading=\"lazy\" decoding=\"async\" width=\"2560\" height=\"1706\" src=\"https:\/\/www.talerskolenroest.dk\/wp-content\/uploads\/2024\/11\/R\u00a9stFestival2017-Agency.idoart.dk-337-copy-scaled.jpg\" class=\"object-contain w-full h-full\" alt=\"\" srcset=\"https:\/\/www.talerskolenroest.dk\/wp-content\/uploads\/2024\/11\/R\u00a9stFestival2017-Agency.idoart.dk-337-copy-scaled.jpg 2560w, https:\/\/www.talerskolenroest.dk\/wp-content\/uploads\/2024\/11\/R\u00a9stFestival2017-Agency.idoart.dk-337-copy-300x200.jpg 300w, https:\/\/www.talerskolenroest.dk\/wp-content\/uploads\/2024\/11\/R\u00a9stFestival2017-Agency.idoart.dk-337-copy-1024x683.jpg 1024w, https:\/\/www.talerskolenroest.dk\/wp-content\/uploads\/2024\/11\/R\u00a9stFestival2017-Agency.idoart.dk-337-copy-768x512.jpg 768w, https:\/\/www.talerskolenroest.dk\/wp-content\/uploads\/2024\/11\/R\u00a9stFestival2017-Agency.idoart.dk-337-copy-1536x1024.jpg 1536w, https:\/\/www.talerskolenroest.dk\/wp-content\/uploads\/2024\/11\/R\u00a9stFestival2017-Agency.idoart.dk-337-copy-2048x1365.jpg 2048w\" sizes=\"auto, (max-width: 2560px) 100vw, 2560px\" \/>                                            <\/div>\n                                                                                    <div class=\"swiper-slide\">\n                                                <img loading=\"lazy\" decoding=\"async\" width=\"1500\" height=\"1001\" src=\"https:\/\/www.talerskolenroest.dk\/wp-content\/uploads\/2024\/11\/Rost2018-Agency.idoart.dk-1883-2000.jpg\" class=\"object-contain w-full h-full\" alt=\"\" srcset=\"https:\/\/www.talerskolenroest.dk\/wp-content\/uploads\/2024\/11\/Rost2018-Agency.idoart.dk-1883-2000.jpg 1500w, https:\/\/www.talerskolenroest.dk\/wp-content\/uploads\/2024\/11\/Rost2018-Agency.idoart.dk-1883-2000-300x200.jpg 300w, https:\/\/www.talerskolenroest.dk\/wp-content\/uploads\/2024\/11\/Rost2018-Agency.idoart.dk-1883-2000-1024x683.jpg 1024w, https:\/\/www.talerskolenroest.dk\/wp-content\/uploads\/2024\/11\/Rost2018-Agency.idoart.dk-1883-2000-768x513.jpg 768w\" sizes=\"auto, (max-width: 1500px) 100vw, 1500px\" \/>                                            <\/div>\n                                                                                    <div class=\"swiper-slide\">\n                                                <img loading=\"lazy\" decoding=\"async\" width=\"1500\" height=\"1000\" src=\"https:\/\/www.talerskolenroest.dk\/wp-content\/uploads\/2024\/11\/Rost2018-Agency.idoart.dk-1337-2000.jpg\" class=\"object-contain w-full h-full\" alt=\"\" srcset=\"https:\/\/www.talerskolenroest.dk\/wp-content\/uploads\/2024\/11\/Rost2018-Agency.idoart.dk-1337-2000.jpg 1500w, https:\/\/www.talerskolenroest.dk\/wp-content\/uploads\/2024\/11\/Rost2018-Agency.idoart.dk-1337-2000-300x200.jpg 300w, https:\/\/www.talerskolenroest.dk\/wp-content\/uploads\/2024\/11\/Rost2018-Agency.idoart.dk-1337-2000-1024x683.jpg 1024w, https:\/\/www.talerskolenroest.dk\/wp-content\/uploads\/2024\/11\/Rost2018-Agency.idoart.dk-1337-2000-768x512.jpg 768w\" sizes=\"auto, (max-width: 1500px) 100vw, 1500px\" \/>                                            <\/div>\n                                                                    <\/div>\n                        <\/div>\n                    <\/div>\n                    <div class=\"flex flex-row w-full justify-between items-center shrink grow flex-auto h-7\">\n                        <button class=\"modal-slider-prev\">\n                            <svg class=\"w-7 h-7\" xmlns=\"http:\/\/www.w3.org\/2000\/svg\" data-name=\"Isolation Mode\" viewBox=\"0 0 19.06 21.75\"><path d=\"M18.5 21.75 0 10.83 18.5 0l.56.95-16.89 9.88 16.89 9.97-.56.95z\"\/><\/svg>\n                        <\/button>\n                        <div>\n                            <p data-caption=\"1\" class=\"block mb-0\">1\/3 R\u00f8st Festival 2017 p\u00e5 K\u00d8S Museum for kunst i det offentlige rum<\/p><p data-caption=\"2\" class=\"block mb-0 hidden\">2\/3 Publikum til R\u00f8st Festival 2018 p\u00e5 K\u00d8S&#8217; forplads<\/p><p data-caption=\"3\" class=\"block mb-0 hidden\">3\/3 Taler p\u00e5 hovedscenen til R\u00f8st Festival 2018<\/p>                        <\/div>\n                        <button class=\"modal-slider-next\">\n                            <svg class=\"w-7 h-7 rotate-180\" xmlns=\"http:\/\/www.w3.org\/2000\/svg\" data-name=\"Isolation Mode\" viewBox=\"0 0 19.06 21.75\"><path d=\"M18.5 21.75 0 10.83 18.5 0l.56.95-16.89 9.88 16.89 9.97-.56.95z\"\/><\/svg>\n                        <\/button>\n                    <\/div>\n                <\/div>\n            <\/div>\n        <\/div>\n    <\/div>\n<\/div>\n\n<div class=\"gallery js--gallery pt-9 pb-13 md:pt-13 md:pb-18 last:pb-25 md:last:pb-35\">\n    <div class=\"component-padding\">\n        <div class=\"grid grid-cols-12 gap-y-8\">\n                        <div class=\"col-span-12 mb-4\">\n                <h2 class=\"!text-xl mb-2\">Nye formater 2020-2022<\/h2>                <div class=\"rich-text max-w-[700px]\">\n                    <p>Da det f\u00f8rste fire-\u00e5rige fondsprojekt var slut, sagde K\u00d8S tak for denne gang, og fra 2020 til 2022 blev R\u00f8st videref\u00f8rt i et t\u00e6t parl\u00f8b mellem Vallekilde H\u00f8jskole og Ungdomsbureauet.<br \/>\nI denne periode afpr\u00f8vede vi forskellige formater blandt andet via et samarbejde med Det Kongelige Teater, som fortsat udfolder sig p\u00e5 nye m\u00e5der.<\/p>\n<p>I starten af 2023 modtog vi en bevilling fra Tuborgfondet, der gav mulighed for at udvikle R\u00f8st organisatorisk, hvilket blandt andet betyder, at R\u00f8st i dag er etableret som en selvst\u00e6ndig forening med eget sekretariat.<\/p>\n                <\/div>\n            <\/div>\n            \n                                    <div class=\"col-span-6 md:col-span-4\">\n                            <img loading=\"lazy\" decoding=\"async\" width=\"1024\" height=\"683\" src=\"https:\/\/www.talerskolenroest.dk\/wp-content\/uploads\/2024\/12\/ROST-2020-Benjamin-Norskov-078-1024x683.jpg\" class=\"aspect-video object-cover cursor-pointer\" alt=\"\" data-gallery=\"1\" srcset=\"https:\/\/www.talerskolenroest.dk\/wp-content\/uploads\/2024\/12\/ROST-2020-Benjamin-Norskov-078-1024x683.jpg 1024w, https:\/\/www.talerskolenroest.dk\/wp-content\/uploads\/2024\/12\/ROST-2020-Benjamin-Norskov-078-300x200.jpg 300w, https:\/\/www.talerskolenroest.dk\/wp-content\/uploads\/2024\/12\/ROST-2020-Benjamin-Norskov-078-768x512.jpg 768w, https:\/\/www.talerskolenroest.dk\/wp-content\/uploads\/2024\/12\/ROST-2020-Benjamin-Norskov-078-1536x1024.jpg 1536w, https:\/\/www.talerskolenroest.dk\/wp-content\/uploads\/2024\/12\/ROST-2020-Benjamin-Norskov-078-2048x1365.jpg 2048w\" sizes=\"auto, (max-width: 1024px) 100vw, 1024px\" \/>                        <\/div>\n                                            <div class=\"col-span-6 md:col-span-4\">\n                            <img loading=\"lazy\" decoding=\"async\" width=\"1024\" height=\"683\" src=\"https:\/\/www.talerskolenroest.dk\/wp-content\/uploads\/2024\/12\/ROST-5.-juni-2021-FOTO-Benjamin-Norskov-4-1024x683.jpg\" class=\"aspect-video object-cover cursor-pointer\" alt=\"\" data-gallery=\"2\" srcset=\"https:\/\/www.talerskolenroest.dk\/wp-content\/uploads\/2024\/12\/ROST-5.-juni-2021-FOTO-Benjamin-Norskov-4-1024x683.jpg 1024w, https:\/\/www.talerskolenroest.dk\/wp-content\/uploads\/2024\/12\/ROST-5.-juni-2021-FOTO-Benjamin-Norskov-4-300x200.jpg 300w, https:\/\/www.talerskolenroest.dk\/wp-content\/uploads\/2024\/12\/ROST-5.-juni-2021-FOTO-Benjamin-Norskov-4-768x512.jpg 768w, https:\/\/www.talerskolenroest.dk\/wp-content\/uploads\/2024\/12\/ROST-5.-juni-2021-FOTO-Benjamin-Norskov-4-1536x1024.jpg 1536w, https:\/\/www.talerskolenroest.dk\/wp-content\/uploads\/2024\/12\/ROST-5.-juni-2021-FOTO-Benjamin-Norskov-4-2048x1365.jpg 2048w\" sizes=\"auto, (max-width: 1024px) 100vw, 1024px\" \/>                        <\/div>\n                                            <div class=\"col-span-6 md:col-span-4\">\n                            <img loading=\"lazy\" decoding=\"async\" width=\"1024\" height=\"683\" src=\"https:\/\/www.talerskolenroest.dk\/wp-content\/uploads\/2024\/12\/Maria_Fantino_Arena_RF22-1024x683.jpg\" class=\"aspect-video object-cover cursor-pointer\" alt=\"\" data-gallery=\"3\" srcset=\"https:\/\/www.talerskolenroest.dk\/wp-content\/uploads\/2024\/12\/Maria_Fantino_Arena_RF22-1024x683.jpg 1024w, https:\/\/www.talerskolenroest.dk\/wp-content\/uploads\/2024\/12\/Maria_Fantino_Arena_RF22-300x200.jpg 300w, https:\/\/www.talerskolenroest.dk\/wp-content\/uploads\/2024\/12\/Maria_Fantino_Arena_RF22-768x512.jpg 768w, https:\/\/www.talerskolenroest.dk\/wp-content\/uploads\/2024\/12\/Maria_Fantino_Arena_RF22-1536x1024.jpg 1536w, https:\/\/www.talerskolenroest.dk\/wp-content\/uploads\/2024\/12\/Maria_Fantino_Arena_RF22-2048x1366.jpg 2048w\" sizes=\"auto, (max-width: 1024px) 100vw, 1024px\" \/>                        <\/div>\n                            <\/div>\n    <\/div>\n\n    <div class=\"z-100 fixed top-0 left-0 w-full h-full bg-yellow-lighter js--modal-slider\">\n        <div class=\"grid grid-cols-12 h-full py-5 md:py-8\">\n            <div class=\"col-span-12 h-full overflow-hidden\">\n                <div class=\"flex flex-col h-full gap-y-6\">\n                    <div class=\"flex flex-row w-full justify-end items-start shrink grow flex-auto h-7\">\n                        <button class=\"js--close-modal\">\n                        <svg class=\"w-7 h-7\" xmlns=\"http:\/\/www.w3.org\/2000\/svg\" data-name=\"Isolation Mode\" viewBox=\"0 0 18.44 17.19\"><path d=\"M18.44.81 17.69 0 9.22 7.85.75 0 0 .81l8.41 7.78L0 16.38l.75.81 8.47-7.85 8.47 7.85.75-.81-8.41-7.79L18.44.81z\"\/><\/svg>\n                        <\/button>\n                    <\/div>\n                    <div class=\"grow overflow-hidden\">\n                        <div class=\"swiper h-full\">\n                            <div class=\"swiper-wrapper\">\n                                                                            <div class=\"swiper-slide\">\n                                                <img loading=\"lazy\" decoding=\"async\" width=\"2560\" height=\"1707\" src=\"https:\/\/www.talerskolenroest.dk\/wp-content\/uploads\/2024\/12\/ROST-2020-Benjamin-Norskov-078-scaled.jpg\" class=\"object-contain w-full h-full\" alt=\"\" srcset=\"https:\/\/www.talerskolenroest.dk\/wp-content\/uploads\/2024\/12\/ROST-2020-Benjamin-Norskov-078-scaled.jpg 2560w, https:\/\/www.talerskolenroest.dk\/wp-content\/uploads\/2024\/12\/ROST-2020-Benjamin-Norskov-078-300x200.jpg 300w, https:\/\/www.talerskolenroest.dk\/wp-content\/uploads\/2024\/12\/ROST-2020-Benjamin-Norskov-078-1024x683.jpg 1024w, https:\/\/www.talerskolenroest.dk\/wp-content\/uploads\/2024\/12\/ROST-2020-Benjamin-Norskov-078-768x512.jpg 768w, https:\/\/www.talerskolenroest.dk\/wp-content\/uploads\/2024\/12\/ROST-2020-Benjamin-Norskov-078-1536x1024.jpg 1536w, https:\/\/www.talerskolenroest.dk\/wp-content\/uploads\/2024\/12\/ROST-2020-Benjamin-Norskov-078-2048x1365.jpg 2048w\" sizes=\"auto, (max-width: 2560px) 100vw, 2560px\" \/>                                            <\/div>\n                                                                                    <div class=\"swiper-slide\">\n                                                <img loading=\"lazy\" decoding=\"async\" width=\"2560\" height=\"1707\" src=\"https:\/\/www.talerskolenroest.dk\/wp-content\/uploads\/2024\/12\/ROST-5.-juni-2021-FOTO-Benjamin-Norskov-4-scaled.jpg\" class=\"object-contain w-full h-full\" alt=\"\" srcset=\"https:\/\/www.talerskolenroest.dk\/wp-content\/uploads\/2024\/12\/ROST-5.-juni-2021-FOTO-Benjamin-Norskov-4-scaled.jpg 2560w, https:\/\/www.talerskolenroest.dk\/wp-content\/uploads\/2024\/12\/ROST-5.-juni-2021-FOTO-Benjamin-Norskov-4-300x200.jpg 300w, https:\/\/www.talerskolenroest.dk\/wp-content\/uploads\/2024\/12\/ROST-5.-juni-2021-FOTO-Benjamin-Norskov-4-1024x683.jpg 1024w, https:\/\/www.talerskolenroest.dk\/wp-content\/uploads\/2024\/12\/ROST-5.-juni-2021-FOTO-Benjamin-Norskov-4-768x512.jpg 768w, https:\/\/www.talerskolenroest.dk\/wp-content\/uploads\/2024\/12\/ROST-5.-juni-2021-FOTO-Benjamin-Norskov-4-1536x1024.jpg 1536w, https:\/\/www.talerskolenroest.dk\/wp-content\/uploads\/2024\/12\/ROST-5.-juni-2021-FOTO-Benjamin-Norskov-4-2048x1365.jpg 2048w\" sizes=\"auto, (max-width: 2560px) 100vw, 2560px\" \/>                                            <\/div>\n                                                                                    <div class=\"swiper-slide\">\n                                                <img loading=\"lazy\" decoding=\"async\" width=\"2560\" height=\"1707\" src=\"https:\/\/www.talerskolenroest.dk\/wp-content\/uploads\/2024\/12\/Maria_Fantino_Arena_RF22-scaled.jpg\" class=\"object-contain w-full h-full\" alt=\"\" srcset=\"https:\/\/www.talerskolenroest.dk\/wp-content\/uploads\/2024\/12\/Maria_Fantino_Arena_RF22-scaled.jpg 2560w, https:\/\/www.talerskolenroest.dk\/wp-content\/uploads\/2024\/12\/Maria_Fantino_Arena_RF22-300x200.jpg 300w, https:\/\/www.talerskolenroest.dk\/wp-content\/uploads\/2024\/12\/Maria_Fantino_Arena_RF22-1024x683.jpg 1024w, https:\/\/www.talerskolenroest.dk\/wp-content\/uploads\/2024\/12\/Maria_Fantino_Arena_RF22-768x512.jpg 768w, https:\/\/www.talerskolenroest.dk\/wp-content\/uploads\/2024\/12\/Maria_Fantino_Arena_RF22-1536x1024.jpg 1536w, https:\/\/www.talerskolenroest.dk\/wp-content\/uploads\/2024\/12\/Maria_Fantino_Arena_RF22-2048x1366.jpg 2048w\" sizes=\"auto, (max-width: 2560px) 100vw, 2560px\" \/>                                            <\/div>\n                                                                    <\/div>\n                        <\/div>\n                    <\/div>\n                    <div class=\"flex flex-row w-full justify-between items-center shrink grow flex-auto h-7\">\n                        <button class=\"modal-slider-prev\">\n                            <svg class=\"w-7 h-7\" xmlns=\"http:\/\/www.w3.org\/2000\/svg\" data-name=\"Isolation Mode\" viewBox=\"0 0 19.06 21.75\"><path d=\"M18.5 21.75 0 10.83 18.5 0l.56.95-16.89 9.88 16.89 9.97-.56.95z\"\/><\/svg>\n                        <\/button>\n                        <div>\n                            <p data-caption=\"1\" class=\"block mb-0\">1\/3 R\u00f8st-dag p\u00e5 Egmont H\u00f8jskolen 2020<\/p><p data-caption=\"2\" class=\"block mb-0 hidden\">2\/3 I 2021 holdt vi Ungdommens Grundlovsdag ved talerstenen i F\u00e6lledparken.<\/p><p data-caption=\"3\" class=\"block mb-0 hidden\">3\/3 Maria Fantino holder f\u00e6llestale skabt af R\u00f8st p\u00e5 Roskilde Festival 2022<\/p>                        <\/div>\n                        <button class=\"modal-slider-next\">\n                            <svg class=\"w-7 h-7 rotate-180\" xmlns=\"http:\/\/www.w3.org\/2000\/svg\" data-name=\"Isolation Mode\" viewBox=\"0 0 19.06 21.75\"><path d=\"M18.5 21.75 0 10.83 18.5 0l.56.95-16.89 9.88 16.89 9.97-.56.95z\"\/><\/svg>\n                        <\/button>\n                    <\/div>\n                <\/div>\n            <\/div>\n        <\/div>\n    <\/div>\n<\/div>\n\n<div class=\"gallery js--gallery pt-9 pb-13 md:pt-13 md:pb-18 last:pb-25 md:last:pb-35\">\n    <div class=\"component-padding\">\n        <div class=\"grid grid-cols-12 gap-y-8\">\n                        <div class=\"col-span-12 mb-4\">\n                <h2 class=\"!text-xl mb-2\">Foreningen Talerskolen R\u00f8st<\/h2>                <div class=\"rich-text max-w-[700px]\">\n                    <p>I dag arbejder R\u00f8st fortsat p\u00e5 at styrke unges mod til at tage ordet, b\u00e5de i Danmark og med en r\u00e6kke forl\u00f8b i resten af Norden.<br \/>\nEn h\u00e5ndfuld h\u00f8jskoler er t\u00e6tte samarbejdspartnere, og vi dypper j\u00e6vnligt t\u00e6erne i h\u00f8jskolens vande, hvor f\u00e6llesskab, sang, \u00e5nd og dannelse inspirerer. <\/p>\n<p>Samtidig har Ungdomsbureauet sat et tydeligt aftryk i vores fokus p\u00e5 demokrati og medborgerskab og en ambition om at v\u00e6re en stadigt voksende platform for vigtige unge stemmer.<\/p>\n<p>Ogs\u00e5 kunsten inspirerer fortsat &#8211; n\u00e5r unge talere st\u00e5r p\u00e5 scenen side om side med kunstnere i verdensklasse eller tager ordet omgivet af kunst p\u00e5 museer &#8211; ligesom den gjorde i R\u00f8sts f\u00f8rste \u00e5r p\u00e5 K\u00d8S.<\/p>\n                <\/div>\n            <\/div>\n            \n                                    <div class=\"col-span-6 md:col-span-4\">\n                            <img loading=\"lazy\" decoding=\"async\" width=\"1024\" height=\"683\" src=\"https:\/\/www.talerskolenroest.dk\/wp-content\/uploads\/2024\/12\/ROST-gamle-scene-2024-0107-1-1024x683.jpg\" class=\"aspect-video object-cover cursor-pointer\" alt=\"\" data-gallery=\"1\" srcset=\"https:\/\/www.talerskolenroest.dk\/wp-content\/uploads\/2024\/12\/ROST-gamle-scene-2024-0107-1-1024x683.jpg 1024w, https:\/\/www.talerskolenroest.dk\/wp-content\/uploads\/2024\/12\/ROST-gamle-scene-2024-0107-1-300x200.jpg 300w, https:\/\/www.talerskolenroest.dk\/wp-content\/uploads\/2024\/12\/ROST-gamle-scene-2024-0107-1-768x512.jpg 768w, https:\/\/www.talerskolenroest.dk\/wp-content\/uploads\/2024\/12\/ROST-gamle-scene-2024-0107-1-1536x1025.jpg 1536w, https:\/\/www.talerskolenroest.dk\/wp-content\/uploads\/2024\/12\/ROST-gamle-scene-2024-0107-1-2048x1366.jpg 2048w\" sizes=\"auto, (max-width: 1024px) 100vw, 1024px\" \/>                        <\/div>\n                                            <div class=\"col-span-6 md:col-span-4\">\n                            <img loading=\"lazy\" decoding=\"async\" width=\"1024\" height=\"683\" src=\"https:\/\/www.talerskolenroest.dk\/wp-content\/uploads\/2024\/12\/ROST-Operaen-2023-Foto-Benjamin-Norskov-001-1024x683.jpg\" class=\"aspect-video object-cover cursor-pointer\" alt=\"\" data-gallery=\"2\" srcset=\"https:\/\/www.talerskolenroest.dk\/wp-content\/uploads\/2024\/12\/ROST-Operaen-2023-Foto-Benjamin-Norskov-001-1024x683.jpg 1024w, https:\/\/www.talerskolenroest.dk\/wp-content\/uploads\/2024\/12\/ROST-Operaen-2023-Foto-Benjamin-Norskov-001-300x200.jpg 300w, https:\/\/www.talerskolenroest.dk\/wp-content\/uploads\/2024\/12\/ROST-Operaen-2023-Foto-Benjamin-Norskov-001-768x512.jpg 768w, https:\/\/www.talerskolenroest.dk\/wp-content\/uploads\/2024\/12\/ROST-Operaen-2023-Foto-Benjamin-Norskov-001-1536x1024.jpg 1536w, https:\/\/www.talerskolenroest.dk\/wp-content\/uploads\/2024\/12\/ROST-Operaen-2023-Foto-Benjamin-Norskov-001-2048x1365.jpg 2048w\" sizes=\"auto, (max-width: 1024px) 100vw, 1024px\" \/>                        <\/div>\n                                            <div class=\"col-span-6 md:col-span-4\">\n                            <img loading=\"lazy\" decoding=\"async\" width=\"1024\" height=\"683\" src=\"https:\/\/www.talerskolenroest.dk\/wp-content\/uploads\/2024\/12\/DSCF9241_Mino-Ung-tager-ordet_Glyptoteket-\u00a9-Ana-Cecilia-Gonzalez-1024x683.jpg\" class=\"aspect-video object-cover cursor-pointer\" alt=\"\" data-gallery=\"3\" srcset=\"https:\/\/www.talerskolenroest.dk\/wp-content\/uploads\/2024\/12\/DSCF9241_Mino-Ung-tager-ordet_Glyptoteket-\u00a9-Ana-Cecilia-Gonzalez-1024x683.jpg 1024w, https:\/\/www.talerskolenroest.dk\/wp-content\/uploads\/2024\/12\/DSCF9241_Mino-Ung-tager-ordet_Glyptoteket-\u00a9-Ana-Cecilia-Gonzalez-300x200.jpg 300w, https:\/\/www.talerskolenroest.dk\/wp-content\/uploads\/2024\/12\/DSCF9241_Mino-Ung-tager-ordet_Glyptoteket-\u00a9-Ana-Cecilia-Gonzalez-768x512.jpg 768w, https:\/\/www.talerskolenroest.dk\/wp-content\/uploads\/2024\/12\/DSCF9241_Mino-Ung-tager-ordet_Glyptoteket-\u00a9-Ana-Cecilia-Gonzalez-1536x1024.jpg 1536w, https:\/\/www.talerskolenroest.dk\/wp-content\/uploads\/2024\/12\/DSCF9241_Mino-Ung-tager-ordet_Glyptoteket-\u00a9-Ana-Cecilia-Gonzalez-2048x1365.jpg 2048w\" sizes=\"auto, (max-width: 1024px) 100vw, 1024px\" \/>                        <\/div>\n                            <\/div>\n    <\/div>\n\n    <div class=\"z-100 fixed top-0 left-0 w-full h-full bg-yellow-lighter js--modal-slider\">\n        <div class=\"grid grid-cols-12 h-full py-5 md:py-8\">\n            <div class=\"col-span-12 h-full overflow-hidden\">\n                <div class=\"flex flex-col h-full gap-y-6\">\n                    <div class=\"flex flex-row w-full justify-end items-start shrink grow flex-auto h-7\">\n                        <button class=\"js--close-modal\">\n                        <svg class=\"w-7 h-7\" xmlns=\"http:\/\/www.w3.org\/2000\/svg\" data-name=\"Isolation Mode\" viewBox=\"0 0 18.44 17.19\"><path d=\"M18.44.81 17.69 0 9.22 7.85.75 0 0 .81l8.41 7.78L0 16.38l.75.81 8.47-7.85 8.47 7.85.75-.81-8.41-7.79L18.44.81z\"\/><\/svg>\n                        <\/button>\n                    <\/div>\n                    <div class=\"grow overflow-hidden\">\n                        <div class=\"swiper h-full\">\n                            <div class=\"swiper-wrapper\">\n                                                                            <div class=\"swiper-slide\">\n                                                <img loading=\"lazy\" decoding=\"async\" width=\"2560\" height=\"1708\" src=\"https:\/\/www.talerskolenroest.dk\/wp-content\/uploads\/2024\/12\/ROST-gamle-scene-2024-0107-1-scaled.jpg\" class=\"object-contain w-full h-full\" alt=\"\" srcset=\"https:\/\/www.talerskolenroest.dk\/wp-content\/uploads\/2024\/12\/ROST-gamle-scene-2024-0107-1-scaled.jpg 2560w, https:\/\/www.talerskolenroest.dk\/wp-content\/uploads\/2024\/12\/ROST-gamle-scene-2024-0107-1-300x200.jpg 300w, https:\/\/www.talerskolenroest.dk\/wp-content\/uploads\/2024\/12\/ROST-gamle-scene-2024-0107-1-1024x683.jpg 1024w, https:\/\/www.talerskolenroest.dk\/wp-content\/uploads\/2024\/12\/ROST-gamle-scene-2024-0107-1-768x512.jpg 768w, https:\/\/www.talerskolenroest.dk\/wp-content\/uploads\/2024\/12\/ROST-gamle-scene-2024-0107-1-1536x1025.jpg 1536w, https:\/\/www.talerskolenroest.dk\/wp-content\/uploads\/2024\/12\/ROST-gamle-scene-2024-0107-1-2048x1366.jpg 2048w\" sizes=\"auto, (max-width: 2560px) 100vw, 2560px\" \/>                                            <\/div>\n                                                                                    <div class=\"swiper-slide\">\n                                                <img loading=\"lazy\" decoding=\"async\" width=\"2560\" height=\"1706\" src=\"https:\/\/www.talerskolenroest.dk\/wp-content\/uploads\/2024\/12\/ROST-Operaen-2023-Foto-Benjamin-Norskov-001-scaled.jpg\" class=\"object-contain w-full h-full\" alt=\"\" srcset=\"https:\/\/www.talerskolenroest.dk\/wp-content\/uploads\/2024\/12\/ROST-Operaen-2023-Foto-Benjamin-Norskov-001-scaled.jpg 2560w, https:\/\/www.talerskolenroest.dk\/wp-content\/uploads\/2024\/12\/ROST-Operaen-2023-Foto-Benjamin-Norskov-001-300x200.jpg 300w, https:\/\/www.talerskolenroest.dk\/wp-content\/uploads\/2024\/12\/ROST-Operaen-2023-Foto-Benjamin-Norskov-001-1024x683.jpg 1024w, https:\/\/www.talerskolenroest.dk\/wp-content\/uploads\/2024\/12\/ROST-Operaen-2023-Foto-Benjamin-Norskov-001-768x512.jpg 768w, https:\/\/www.talerskolenroest.dk\/wp-content\/uploads\/2024\/12\/ROST-Operaen-2023-Foto-Benjamin-Norskov-001-1536x1024.jpg 1536w, https:\/\/www.talerskolenroest.dk\/wp-content\/uploads\/2024\/12\/ROST-Operaen-2023-Foto-Benjamin-Norskov-001-2048x1365.jpg 2048w\" sizes=\"auto, (max-width: 2560px) 100vw, 2560px\" \/>                                            <\/div>\n                                                                                    <div class=\"swiper-slide\">\n                                                <img loading=\"lazy\" decoding=\"async\" width=\"2560\" height=\"1707\" src=\"https:\/\/www.talerskolenroest.dk\/wp-content\/uploads\/2024\/12\/DSCF9241_Mino-Ung-tager-ordet_Glyptoteket-\u00a9-Ana-Cecilia-Gonzalez-scaled.jpg\" class=\"object-contain w-full h-full\" alt=\"\" srcset=\"https:\/\/www.talerskolenroest.dk\/wp-content\/uploads\/2024\/12\/DSCF9241_Mino-Ung-tager-ordet_Glyptoteket-\u00a9-Ana-Cecilia-Gonzalez-scaled.jpg 2560w, https:\/\/www.talerskolenroest.dk\/wp-content\/uploads\/2024\/12\/DSCF9241_Mino-Ung-tager-ordet_Glyptoteket-\u00a9-Ana-Cecilia-Gonzalez-300x200.jpg 300w, https:\/\/www.talerskolenroest.dk\/wp-content\/uploads\/2024\/12\/DSCF9241_Mino-Ung-tager-ordet_Glyptoteket-\u00a9-Ana-Cecilia-Gonzalez-1024x683.jpg 1024w, https:\/\/www.talerskolenroest.dk\/wp-content\/uploads\/2024\/12\/DSCF9241_Mino-Ung-tager-ordet_Glyptoteket-\u00a9-Ana-Cecilia-Gonzalez-768x512.jpg 768w, https:\/\/www.talerskolenroest.dk\/wp-content\/uploads\/2024\/12\/DSCF9241_Mino-Ung-tager-ordet_Glyptoteket-\u00a9-Ana-Cecilia-Gonzalez-1536x1024.jpg 1536w, https:\/\/www.talerskolenroest.dk\/wp-content\/uploads\/2024\/12\/DSCF9241_Mino-Ung-tager-ordet_Glyptoteket-\u00a9-Ana-Cecilia-Gonzalez-2048x1365.jpg 2048w\" sizes=\"auto, (max-width: 2560px) 100vw, 2560px\" \/>                                            <\/div>\n                                                                    <\/div>\n                        <\/div>\n                    <\/div>\n                    <div class=\"flex flex-row w-full justify-between items-center shrink grow flex-auto h-7\">\n                        <button class=\"modal-slider-prev\">\n                            <svg class=\"w-7 h-7\" xmlns=\"http:\/\/www.w3.org\/2000\/svg\" data-name=\"Isolation Mode\" viewBox=\"0 0 19.06 21.75\"><path d=\"M18.5 21.75 0 10.83 18.5 0l.56.95-16.89 9.88 16.89 9.97-.56.95z\"\/><\/svg>\n                        <\/button>\n                        <div>\n                            <p data-caption=\"1\" class=\"block mb-0\">1\/3 R\u00f8st p\u00e5 Gamle Scene med Det Kongelige Teater 2024<\/p><p data-caption=\"2\" class=\"block mb-0 hidden\">2\/3 Til R\u00f8st i Operaen 2023 havde vi unge talere med fra Gr\u00f8nland<\/p><p data-caption=\"3\" class=\"block mb-0 hidden\">3\/3 Tre gange har vi samarbejdet med Mino Ung og Glyptoteket om et arrangement med unge talere i museets smukke festsal.<\/p>                        <\/div>\n                        <button class=\"modal-slider-next\">\n                            <svg class=\"w-7 h-7 rotate-180\" xmlns=\"http:\/\/www.w3.org\/2000\/svg\" data-name=\"Isolation Mode\" viewBox=\"0 0 19.06 21.75\"><path d=\"M18.5 21.75 0 10.83 18.5 0l.56.95-16.89 9.88 16.89 9.97-.56.95z\"\/><\/svg>\n                        <\/button>\n                    <\/div>\n                <\/div>\n            <\/div>\n        <\/div>\n    <\/div>\n<\/div>\n\n<div class=\"pt-7 pb-11 md:pt-11 md:pb-15 last:pb-20 md:last:pb-30\">\n    <div class=\"component-padding\">\n        <div class=\"grid grid-cols-12\">\n            <div class=\"col-span-12\">\n                <img loading=\"lazy\" decoding=\"async\" width=\"2560\" height=\"1707\" src=\"https:\/\/www.talerskolenroest.dk\/wp-content\/uploads\/2024\/12\/EIS_20240426_3107-scaled.jpg\" class=\"attachment-full size-full\" alt=\"\" srcset=\"https:\/\/www.talerskolenroest.dk\/wp-content\/uploads\/2024\/12\/EIS_20240426_3107-scaled.jpg 2560w, https:\/\/www.talerskolenroest.dk\/wp-content\/uploads\/2024\/12\/EIS_20240426_3107-300x200.jpg 300w, https:\/\/www.talerskolenroest.dk\/wp-content\/uploads\/2024\/12\/EIS_20240426_3107-1024x683.jpg 1024w, https:\/\/www.talerskolenroest.dk\/wp-content\/uploads\/2024\/12\/EIS_20240426_3107-768x512.jpg 768w, https:\/\/www.talerskolenroest.dk\/wp-content\/uploads\/2024\/12\/EIS_20240426_3107-1536x1024.jpg 1536w, https:\/\/www.talerskolenroest.dk\/wp-content\/uploads\/2024\/12\/EIS_20240426_3107-2048x1365.jpg 2048w\" sizes=\"auto, (max-width: 2560px) 100vw, 2560px\" \/><p class=\"text-base mt-3\">JJ Paulo og Stephanie Chen Gundorph fra Det Kongelige Teater optr\u00e5dte sammen til R\u00f8st p\u00e5 Gamle Scene 2024<\/p>            <\/div>\n        <\/div>\n    <\/div>\n<\/div>","protected":false},"excerpt":{"rendered":"","protected":false},"author":2,"featured_media":0,"parent":0,"menu_order":0,"comment_status":"closed","ping_status":"closed","template":"","meta":{"_acf_changed":false,"footnotes":""},"class_list":["post-2244","page","type-page","status-publish","hentry"],"acf":[],"yoast_head":"<!-- This site is optimized with the Yoast SEO plugin v27.5 - https:\/\/yoast.com\/product\/yoast-seo-wordpress\/ -->\n<title>Historien om R\u00f8st - R\u00f8st<\/title>\n<meta name=\"robots\" content=\"index, follow, max-snippet:-1, max-image-preview:large, max-video-preview:-1\" \/>\n<link rel=\"canonical\" href=\"https:\/\/www.talerskolenroest.dk\/?page_id=2244\" \/>\n<meta property=\"og:locale\" content=\"en_US\" \/>\n<meta property=\"og:type\" content=\"article\" \/>\n<meta property=\"og:title\" content=\"Historien om R\u00f8st - R\u00f8st\" \/>\n<meta property=\"og:url\" content=\"https:\/\/www.talerskolenroest.dk\/?page_id=2244\" \/>\n<meta property=\"og:site_name\" content=\"R\u00f8st\" \/>\n<meta property=\"article:modified_time\" content=\"2025-02-27T11:04:54+00:00\" \/>\n<meta name=\"twitter:card\" content=\"summary_large_image\" \/>\n<script type=\"application\/ld+json\" class=\"yoast-schema-graph\">{\"@context\":\"https:\\\/\\\/schema.org\",\"@graph\":[{\"@type\":\"WebPage\",\"@id\":\"https:\\\/\\\/www.talerskolenroest.dk\\\/?page_id=2244\",\"url\":\"https:\\\/\\\/www.talerskolenroest.dk\\\/?page_id=2244\",\"name\":\"Historien om R\u00f8st - R\u00f8st\",\"isPartOf\":{\"@id\":\"https:\\\/\\\/www.talerskolenroest.dk\\\/#website\"},\"datePublished\":\"2024-12-19T11:30:32+00:00\",\"dateModified\":\"2025-02-27T11:04:54+00:00\",\"breadcrumb\":{\"@id\":\"https:\\\/\\\/www.talerskolenroest.dk\\\/?page_id=2244#breadcrumb\"},\"inLanguage\":\"en-US\",\"potentialAction\":[{\"@type\":\"ReadAction\",\"target\":[\"https:\\\/\\\/www.talerskolenroest.dk\\\/?page_id=2244\"]}]},{\"@type\":\"BreadcrumbList\",\"@id\":\"https:\\\/\\\/www.talerskolenroest.dk\\\/?page_id=2244#breadcrumb\",\"itemListElement\":[{\"@type\":\"ListItem\",\"position\":1,\"name\":\"Home\",\"item\":\"https:\\\/\\\/www.talerskolenroest.dk\\\/\"},{\"@type\":\"ListItem\",\"position\":2,\"name\":\"Historien om R\u00f8st\"}]},{\"@type\":\"WebSite\",\"@id\":\"https:\\\/\\\/www.talerskolenroest.dk\\\/#website\",\"url\":\"https:\\\/\\\/www.talerskolenroest.dk\\\/\",\"name\":\"R\u00f8st\",\"description\":\"\",\"potentialAction\":[{\"@type\":\"SearchAction\",\"target\":{\"@type\":\"EntryPoint\",\"urlTemplate\":\"https:\\\/\\\/www.talerskolenroest.dk\\\/?s={search_term_string}\"},\"query-input\":{\"@type\":\"PropertyValueSpecification\",\"valueRequired\":true,\"valueName\":\"search_term_string\"}}],\"inLanguage\":\"en-US\"}]}<\/script>\n<!-- \/ Yoast SEO plugin. -->","yoast_head_json":{"title":"Historien om R\u00f8st - R\u00f8st","robots":{"index":"index","follow":"follow","max-snippet":"max-snippet:-1","max-image-preview":"max-image-preview:large","max-video-preview":"max-video-preview:-1"},"canonical":"https:\/\/www.talerskolenroest.dk\/?page_id=2244","og_locale":"en_US","og_type":"article","og_title":"Historien om R\u00f8st - R\u00f8st","og_url":"https:\/\/www.talerskolenroest.dk\/?page_id=2244","og_site_name":"R\u00f8st","article_modified_time":"2025-02-27T11:04:54+00:00","twitter_card":"summary_large_image","schema":{"@context":"https:\/\/schema.org","@graph":[{"@type":"WebPage","@id":"https:\/\/www.talerskolenroest.dk\/?page_id=2244","url":"https:\/\/www.talerskolenroest.dk\/?page_id=2244","name":"Historien om R\u00f8st - R\u00f8st","isPartOf":{"@id":"https:\/\/www.talerskolenroest.dk\/#website"},"datePublished":"2024-12-19T11:30:32+00:00","dateModified":"2025-02-27T11:04:54+00:00","breadcrumb":{"@id":"https:\/\/www.talerskolenroest.dk\/?page_id=2244#breadcrumb"},"inLanguage":"en-US","potentialAction":[{"@type":"ReadAction","target":["https:\/\/www.talerskolenroest.dk\/?page_id=2244"]}]},{"@type":"BreadcrumbList","@id":"https:\/\/www.talerskolenroest.dk\/?page_id=2244#breadcrumb","itemListElement":[{"@type":"ListItem","position":1,"name":"Home","item":"https:\/\/www.talerskolenroest.dk\/"},{"@type":"ListItem","position":2,"name":"Historien om R\u00f8st"}]},{"@type":"WebSite","@id":"https:\/\/www.talerskolenroest.dk\/#website","url":"https:\/\/www.talerskolenroest.dk\/","name":"R\u00f8st","description":"","potentialAction":[{"@type":"SearchAction","target":{"@type":"EntryPoint","urlTemplate":"https:\/\/www.talerskolenroest.dk\/?s={search_term_string}"},"query-input":{"@type":"PropertyValueSpecification","valueRequired":true,"valueName":"search_term_string"}}],"inLanguage":"en-US"}]}},"_links":{"self":[{"href":"https:\/\/www.talerskolenroest.dk\/index.php?rest_route=\/wp\/v2\/pages\/2244","targetHints":{"allow":["GET"]}}],"collection":[{"href":"https:\/\/www.talerskolenroest.dk\/index.php?rest_route=\/wp\/v2\/pages"}],"about":[{"href":"https:\/\/www.talerskolenroest.dk\/index.php?rest_route=\/wp\/v2\/types\/page"}],"author":[{"embeddable":true,"href":"https:\/\/www.talerskolenroest.dk\/index.php?rest_route=\/wp\/v2\/users\/2"}],"replies":[{"embeddable":true,"href":"https:\/\/www.talerskolenroest.dk\/index.php?rest_route=%2Fwp%2Fv2%2Fcomments&post=2244"}],"version-history":[{"count":18,"href":"https:\/\/www.talerskolenroest.dk\/index.php?rest_route=\/wp\/v2\/pages\/2244\/revisions"}],"predecessor-version":[{"id":2583,"href":"https:\/\/www.talerskolenroest.dk\/index.php?rest_route=\/wp\/v2\/pages\/2244\/revisions\/2583"}],"wp:attachment":[{"href":"https:\/\/www.talerskolenroest.dk\/index.php?rest_route=%2Fwp%2Fv2%2Fmedia&parent=2244"}],"curies":[{"name":"wp","href":"https:\/\/api.w.org\/{rel}","templated":true}]}}